{"id":589,"date":"2022-08-31T08:34:25","date_gmt":"2022-08-31T08:34:25","guid":{"rendered":"https:\/\/kobemotor.es\/motorsport\/?page_id=589"},"modified":"2022-08-31T08:34:25","modified_gmt":"2022-08-31T08:34:25","slug":"palmares-t2","status":"publish","type":"page","link":"https:\/\/kobemotor.es\/motorsport\/t2\/palmares-t2\/","title":{"rendered":"Palmares T2"},"content":{"rendered":"<p>[et_pb_section fb_built=\u00bb1&#8243; _builder_version=\u00bb4.17.6&#8243; _module_preset=\u00bbdefault\u00bb custom_padding=\u00bb0px||0px|||\u00bb global_colors_info=\u00bb{}\u00bb][et_pb_row _builder_version=\u00bb4.19.1&#8243; _module_preset=\u00bbdefault\u00bb background_enable_color=\u00bboff\u00bb custom_padding=\u00bb15px||9px|||\u00bb global_colors_info=\u00bb{}\u00bb][et_pb_column type=\u00bb4_4&#8243; _builder_version=\u00bb4.19.1&#8243; _module_preset=\u00bbdefault\u00bb global_colors_info=\u00bb{}\u00bb][et_pb_text _builder_version=\u00bb4.19.1&#8243; _module_preset=\u00bbdefault\u00bb global_colors_info=\u00bb{}\u00bb]<\/p>\n<h1 style=\"text-align: center\">Palmar\u00e9s Victorias T2<\/h1>\n<p>[\/et_pb_text][\/et_pb_column][\/et_pb_row][\/et_pb_section][et_pb_section fb_built=\u00bb1&#8243; _builder_version=\u00bb4.17.6&#8243; _module_preset=\u00bbdefault\u00bb background_color=\u00bb#E50000&#8243; custom_padding=\u00bb0px||0px||false|false\u00bb locked=\u00bboff\u00bb global_colors_info=\u00bb{}\u00bb][et_pb_row _builder_version=\u00bb4.17.6&#8243; _module_preset=\u00bbdefault\u00bb background_enable_color=\u00bboff\u00bb global_colors_info=\u00bb{}\u00bb][et_pb_column type=\u00bb4_4&#8243; _builder_version=\u00bb4.17.4&#8243; _module_preset=\u00bbdefault\u00bb global_colors_info=\u00bb{}\u00bb][et_pb_text _builder_version=\u00bb4.24.2&#8243; _module_preset=\u00bbdefault\u00bb hover_enabled=\u00bb0&#8243; global_colors_info=\u00bb{}\u00bb sticky_enabled=\u00bb0&#8243;]<\/p>\n<h2 style=\"text-align: center;color: #ffffff\">2024 TRAS BAJA ARAG\u00d3N (en curso)<\/h2>\n<p>[\/et_pb_text][\/et_pb_column][\/et_pb_row][\/et_pb_section][et_pb_section fb_built=\u00bb1&#8243; _builder_version=\u00bb4.17.6&#8243; _module_preset=\u00bbdefault\u00bb custom_padding=\u00bb12px||0px|||\u00bb global_colors_info=\u00bb{}\u00bb][et_pb_row column_structure=\u00bb1_3,2_3&#8243; _builder_version=\u00bb4.17.6&#8243; _module_preset=\u00bbdefault\u00bb global_colors_info=\u00bb{}\u00bb][et_pb_column type=\u00bb1_3&#8243; _builder_version=\u00bb4.17.6&#8243; _module_preset=\u00bbdefault\u00bb global_colors_info=\u00bb{}\u00bb][et_pb_image src=\u00bbhttps:\/\/kobemotor.es\/motorsport\/wp-content\/uploads\/sites\/2\/2023\/01\/1er-Premio-Palmares.jpg\u00bb alt=\u00bb1er Premio Palmar\u00e9s\u00bb title_text=\u00bb1er Premio Palmar\u00e9s\u00bb align=\u00bbcenter\u00bb _builder_version=\u00bb4.19.4&#8243; _module_preset=\u00bbdefault\u00bb width=\u00bb56%\u00bb global_colors_info=\u00bb{}\u00bb][\/et_pb_image][\/et_pb_column][et_pb_column type=\u00bb2_3&#8243; _builder_version=\u00bb4.17.6&#8243; _module_preset=\u00bbdefault\u00bb global_colors_info=\u00bb{}\u00bb][et_pb_text _builder_version=\u00bb4.24.2&#8243; _module_preset=\u00bbdefault\u00bb hover_enabled=\u00bb0&#8243; global_colors_info=\u00bb{}\u00bb sticky_enabled=\u00bb0&#8243;]<\/p>\n<h3>1 <strong>Alberto Dorsch<\/strong><\/h3>\n<h3>2 Fernando Barreiro <\/h3>\n<h3>3 Santiago Sabates<\/h3>\n<p>[\/et_pb_text][\/et_pb_column][\/et_pb_row][\/et_pb_section][et_pb_section fb_built=\u00bb1&#8243; _builder_version=\u00bb4.17.6&#8243; _module_preset=\u00bbdefault\u00bb background_color=\u00bb#E50000&#8243; custom_padding=\u00bb0px||0px||false|false\u00bb locked=\u00bboff\u00bb global_colors_info=\u00bb{}\u00bb][et_pb_row _builder_version=\u00bb4.17.6&#8243; _module_preset=\u00bbdefault\u00bb background_enable_color=\u00bboff\u00bb global_colors_info=\u00bb{}\u00bb][et_pb_column type=\u00bb4_4&#8243; _builder_version=\u00bb4.17.4&#8243; _module_preset=\u00bbdefault\u00bb global_colors_info=\u00bb{}\u00bb][et_pb_text _builder_version=\u00bb4.24.2&#8243; _module_preset=\u00bbdefault\u00bb hover_enabled=\u00bb0&#8243; global_colors_info=\u00bb{}\u00bb sticky_enabled=\u00bb0&#8243;]<\/p>\n<h2 style=\"text-align: center;color: #ffffff\">2023<\/h2>\n<p>[\/et_pb_text][\/et_pb_column][\/et_pb_row][\/et_pb_section][et_pb_section fb_built=\u00bb1&#8243; _builder_version=\u00bb4.17.6&#8243; _module_preset=\u00bbdefault\u00bb custom_padding=\u00bb10px||3px|||\u00bb global_colors_info=\u00bb{}\u00bb][et_pb_row column_structure=\u00bb1_3,2_3&#8243; _builder_version=\u00bb4.17.6&#8243; _module_preset=\u00bbdefault\u00bb global_colors_info=\u00bb{}\u00bb][et_pb_column type=\u00bb1_3&#8243; _builder_version=\u00bb4.17.6&#8243; _module_preset=\u00bbdefault\u00bb global_colors_info=\u00bb{}\u00bb][et_pb_image src=\u00bbhttps:\/\/kobemotor.es\/motorsport\/wp-content\/uploads\/sites\/2\/2023\/01\/1er-Premio-Palmares.jpg\u00bb alt=\u00bb1er Premio Palmar\u00e9s\u00bb title_text=\u00bb1er Premio Palmar\u00e9s\u00bb align=\u00bbcenter\u00bb _builder_version=\u00bb4.19.4&#8243; _module_preset=\u00bbdefault\u00bb width=\u00bb56%\u00bb global_colors_info=\u00bb{}\u00bb][\/et_pb_image][\/et_pb_column][et_pb_column type=\u00bb2_3&#8243; _builder_version=\u00bb4.17.6&#8243; _module_preset=\u00bbdefault\u00bb global_colors_info=\u00bb{}\u00bb][et_pb_text _builder_version=\u00bb4.24.2&#8243; _module_preset=\u00bbdefault\u00bb hover_enabled=\u00bb0&#8243; global_colors_info=\u00bb{}\u00bb sticky_enabled=\u00bb0&#8243;]<\/p>\n<h3>1 <strong>Alberto Dorsch<\/strong><\/h3>\n<h3>2 Lluis Jos\u00e9 Rodr\u00edguez<\/h3>\n<h3>3 David Moya<\/h3>\n<p>[\/et_pb_text][\/et_pb_column][\/et_pb_row][\/et_pb_section][et_pb_section fb_built=\u00bb1&#8243; _builder_version=\u00bb4.17.6&#8243; _module_preset=\u00bbdefault\u00bb background_color=\u00bb#E50000&#8243; custom_padding=\u00bb0px||0px||false|false\u00bb locked=\u00bboff\u00bb global_colors_info=\u00bb{}\u00bb][et_pb_row _builder_version=\u00bb4.17.6&#8243; _module_preset=\u00bbdefault\u00bb background_enable_color=\u00bboff\u00bb global_colors_info=\u00bb{}\u00bb][et_pb_column type=\u00bb4_4&#8243; _builder_version=\u00bb4.17.4&#8243; _module_preset=\u00bbdefault\u00bb global_colors_info=\u00bb{}\u00bb][et_pb_text _builder_version=\u00bb4.19.1&#8243; _module_preset=\u00bbdefault\u00bb global_colors_info=\u00bb{}\u00bb]<\/p>\n<h2 style=\"text-align: center;color: #ffffff\">2021<\/h2>\n<p>[\/et_pb_text][\/et_pb_column][\/et_pb_row][\/et_pb_section][et_pb_section fb_built=\u00bb1&#8243; _builder_version=\u00bb4.17.6&#8243; _module_preset=\u00bbdefault\u00bb custom_padding=\u00bb10px||3px|||\u00bb global_colors_info=\u00bb{}\u00bb][et_pb_row column_structure=\u00bb1_3,2_3&#8243; _builder_version=\u00bb4.17.6&#8243; _module_preset=\u00bbdefault\u00bb global_colors_info=\u00bb{}\u00bb][et_pb_column type=\u00bb1_3&#8243; _builder_version=\u00bb4.17.6&#8243; _module_preset=\u00bbdefault\u00bb global_colors_info=\u00bb{}\u00bb][et_pb_image src=\u00bbhttps:\/\/kobemotor.es\/motorsport\/wp-content\/uploads\/sites\/2\/2023\/01\/1er-Premio-Palmares.jpg\u00bb alt=\u00bb1er Premio Palmar\u00e9s\u00bb title_text=\u00bb1er Premio Palmar\u00e9s\u00bb align=\u00bbcenter\u00bb _builder_version=\u00bb4.19.4&#8243; _module_preset=\u00bbdefault\u00bb width=\u00bb56%\u00bb global_colors_info=\u00bb{}\u00bb][\/et_pb_image][\/et_pb_column][et_pb_column type=\u00bb2_3&#8243; _builder_version=\u00bb4.17.6&#8243; _module_preset=\u00bbdefault\u00bb global_colors_info=\u00bb{}\u00bb][et_pb_text _builder_version=\u00bb4.19.1&#8243; _module_preset=\u00bbdefault\u00bb global_colors_info=\u00bb{}\u00bb]<\/p>\n<h3>1 <strong>Alberto Dorsch<\/strong><\/h3>\n<h3>2 Fernando Grillo Barreiros<\/h3>\n<h3>3 M\u00f3nica Plaza<\/h3>\n<p>[\/et_pb_text][\/et_pb_column][\/et_pb_row][\/et_pb_section][et_pb_section fb_built=\u00bb1&#8243; _builder_version=\u00bb4.17.6&#8243; _module_preset=\u00bbdefault\u00bb background_color=\u00bb#E50000&#8243; custom_padding=\u00bb0px||0px||false|false\u00bb locked=\u00bboff\u00bb global_colors_info=\u00bb{}\u00bb][et_pb_row _builder_version=\u00bb4.17.6&#8243; _module_preset=\u00bbdefault\u00bb background_enable_color=\u00bboff\u00bb global_colors_info=\u00bb{}\u00bb][et_pb_column type=\u00bb4_4&#8243; _builder_version=\u00bb4.17.4&#8243; _module_preset=\u00bbdefault\u00bb global_colors_info=\u00bb{}\u00bb][et_pb_text _builder_version=\u00bb4.19.1&#8243; _module_preset=\u00bbdefault\u00bb global_colors_info=\u00bb{}\u00bb]<\/p>\n<h2 style=\"text-align: center;color: #ffffff\">2020<\/h2>\n<p>[\/et_pb_text][\/et_pb_column][\/et_pb_row][\/et_pb_section][et_pb_section fb_built=\u00bb1&#8243; _builder_version=\u00bb4.17.6&#8243; _module_preset=\u00bbdefault\u00bb custom_padding=\u00bb11px||10px|||\u00bb global_colors_info=\u00bb{}\u00bb][et_pb_row column_structure=\u00bb1_3,2_3&#8243; _builder_version=\u00bb4.17.6&#8243; _module_preset=\u00bbdefault\u00bb global_colors_info=\u00bb{}\u00bb][et_pb_column type=\u00bb1_3&#8243; _builder_version=\u00bb4.17.6&#8243; _module_preset=\u00bbdefault\u00bb global_colors_info=\u00bb{}\u00bb][et_pb_image src=\u00bbhttps:\/\/kobemotor.es\/motorsport\/wp-content\/uploads\/sites\/2\/2023\/01\/1er-Premio-Palmares.jpg\u00bb alt=\u00bb1er Premio Palmar\u00e9s\u00bb title_text=\u00bb1er Premio Palmar\u00e9s\u00bb align=\u00bbcenter\u00bb _builder_version=\u00bb4.19.4&#8243; _module_preset=\u00bbdefault\u00bb width=\u00bb56%\u00bb global_colors_info=\u00bb{}\u00bb][\/et_pb_image][\/et_pb_column][et_pb_column type=\u00bb2_3&#8243; _builder_version=\u00bb4.17.6&#8243; _module_preset=\u00bbdefault\u00bb global_colors_info=\u00bb{}\u00bb][et_pb_text _builder_version=\u00bb4.20.4&#8243; _module_preset=\u00bbdefault\u00bb global_colors_info=\u00bb{}\u00bb]<\/p>\n<h3>1 <strong>Alberto Dorsch<\/strong><\/h3>\n<h3>2 Lluis Jos\u00e9 Rodr\u00edguez<\/h3>\n<h3>3 Fernando Barreira<\/h3>\n<p>[\/et_pb_text][\/et_pb_column][\/et_pb_row][\/et_pb_section][et_pb_section fb_built=\u00bb1&#8243; _builder_version=\u00bb4.17.6&#8243; _module_preset=\u00bbdefault\u00bb background_color=\u00bb#E50000&#8243; custom_padding=\u00bb0px||0px||false|false\u00bb locked=\u00bboff\u00bb global_colors_info=\u00bb{}\u00bb][et_pb_row _builder_version=\u00bb4.17.6&#8243; _module_preset=\u00bbdefault\u00bb background_enable_color=\u00bboff\u00bb global_colors_info=\u00bb{}\u00bb][et_pb_column type=\u00bb4_4&#8243; _builder_version=\u00bb4.17.4&#8243; _module_preset=\u00bbdefault\u00bb global_colors_info=\u00bb{}\u00bb][et_pb_text _builder_version=\u00bb4.19.1&#8243; _module_preset=\u00bbdefault\u00bb global_colors_info=\u00bb{}\u00bb]<\/p>\n<h2 style=\"text-align: center;color: #ffffff\">2019<\/h2>\n<p>[\/et_pb_text][\/et_pb_column][\/et_pb_row][\/et_pb_section][et_pb_section fb_built=\u00bb1&#8243; _builder_version=\u00bb4.17.6&#8243; _module_preset=\u00bbdefault\u00bb custom_padding=\u00bb||19px|||\u00bb global_colors_info=\u00bb{}\u00bb][et_pb_row column_structure=\u00bb1_3,2_3&#8243; _builder_version=\u00bb4.17.6&#8243; _module_preset=\u00bbdefault\u00bb custom_margin=\u00bb-31px|auto||auto||\u00bb global_colors_info=\u00bb{}\u00bb][et_pb_column type=\u00bb1_3&#8243; _builder_version=\u00bb4.17.6&#8243; _module_preset=\u00bbdefault\u00bb global_colors_info=\u00bb{}\u00bb][et_pb_image src=\u00bbhttps:\/\/kobemotor.es\/motorsport\/wp-content\/uploads\/sites\/2\/2023\/01\/1er-Premio-Palmares.jpg\u00bb alt=\u00bb1er Premio Palmar\u00e9s\u00bb title_text=\u00bb1er Premio Palmar\u00e9s\u00bb align=\u00bbcenter\u00bb _builder_version=\u00bb4.19.4&#8243; _module_preset=\u00bbdefault\u00bb width=\u00bb56%\u00bb global_colors_info=\u00bb{}\u00bb][\/et_pb_image][\/et_pb_column][et_pb_column type=\u00bb2_3&#8243; _builder_version=\u00bb4.17.6&#8243; _module_preset=\u00bbdefault\u00bb global_colors_info=\u00bb{}\u00bb][et_pb_text _builder_version=\u00bb4.19.1&#8243; _module_preset=\u00bbdefault\u00bb global_colors_info=\u00bb{}\u00bb]<\/p>\n<h3>1 <strong>Alberto Dorsch<\/strong><\/h3>\n<h3>2 Domingo Rom\u00e1n<\/h3>\n<h3>3 Jorge Pulido<\/h3>\n<p>[\/et_pb_text][\/et_pb_column][\/et_pb_row][\/et_pb_section][et_pb_section fb_built=\u00bb1&#8243; _builder_version=\u00bb4.17.6&#8243; _module_preset=\u00bbdefault\u00bb background_color=\u00bb#E50000&#8243; custom_padding=\u00bb0px||0px||false|false\u00bb locked=\u00bboff\u00bb global_colors_info=\u00bb{}\u00bb][et_pb_row _builder_version=\u00bb4.17.6&#8243; _module_preset=\u00bbdefault\u00bb background_enable_color=\u00bboff\u00bb global_colors_info=\u00bb{}\u00bb][et_pb_column type=\u00bb4_4&#8243; _builder_version=\u00bb4.17.4&#8243; _module_preset=\u00bbdefault\u00bb global_colors_info=\u00bb{}\u00bb][et_pb_text _builder_version=\u00bb4.19.1&#8243; _module_preset=\u00bbdefault\u00bb global_colors_info=\u00bb{}\u00bb]<\/p>\n<h2 style=\"text-align: center;color: #ffffff\">2016<\/h2>\n<p>[\/et_pb_text][\/et_pb_column][\/et_pb_row][\/et_pb_section][et_pb_section fb_built=\u00bb1&#8243; _builder_version=\u00bb4.17.6&#8243; _module_preset=\u00bbdefault\u00bb custom_padding=\u00bb37px||24px|||\u00bb global_colors_info=\u00bb{}\u00bb][et_pb_row column_structure=\u00bb1_3,2_3&#8243; _builder_version=\u00bb4.17.6&#8243; _module_preset=\u00bbdefault\u00bb custom_padding=\u00bb10px|||||\u00bb global_colors_info=\u00bb{}\u00bb][et_pb_column type=\u00bb1_3&#8243; _builder_version=\u00bb4.17.6&#8243; _module_preset=\u00bbdefault\u00bb global_colors_info=\u00bb{}\u00bb][et_pb_image src=\u00bbhttps:\/\/kobemotor.es\/motorsport\/wp-content\/uploads\/sites\/2\/2023\/01\/1er-Premio-Palmares.jpg\u00bb alt=\u00bb1er Premio Palmar\u00e9s\u00bb title_text=\u00bb1er Premio Palmar\u00e9s\u00bb align=\u00bbcenter\u00bb _builder_version=\u00bb4.19.4&#8243; _module_preset=\u00bbdefault\u00bb width=\u00bb56%\u00bb global_colors_info=\u00bb{}\u00bb][\/et_pb_image][\/et_pb_column][et_pb_column type=\u00bb2_3&#8243; _builder_version=\u00bb4.17.6&#8243; _module_preset=\u00bbdefault\u00bb global_colors_info=\u00bb{}\u00bb][et_pb_text _builder_version=\u00bb4.19.1&#8243; _module_preset=\u00bbdefault\u00bb global_colors_info=\u00bb{}\u00bb]<\/p>\n<h3>1 <strong>Alberto Dorsch<\/strong><\/h3>\n<h3>2 Josep Soler<\/h3>\n<h3>3 Enrique Dios<\/h3>\n<p>[\/et_pb_text][\/et_pb_column][\/et_pb_row][\/et_pb_section][et_pb_section fb_built=\u00bb1&#8243; _builder_version=\u00bb4.17.6&#8243; _module_preset=\u00bbdefault\u00bb background_color=\u00bb#E50000&#8243; custom_padding=\u00bb0px||0px||false|false\u00bb locked=\u00bboff\u00bb global_colors_info=\u00bb{}\u00bb][et_pb_row _builder_version=\u00bb4.17.6&#8243; _module_preset=\u00bbdefault\u00bb background_enable_color=\u00bboff\u00bb global_colors_info=\u00bb{}\u00bb][et_pb_column type=\u00bb4_4&#8243; _builder_version=\u00bb4.17.4&#8243; _module_preset=\u00bbdefault\u00bb global_colors_info=\u00bb{}\u00bb][et_pb_text _builder_version=\u00bb4.19.1&#8243; _module_preset=\u00bbdefault\u00bb global_colors_info=\u00bb{}\u00bb]<\/p>\n<h2 style=\"text-align: center;color: #ffffff\">2012<\/h2>\n<p>[\/et_pb_text][\/et_pb_column][\/et_pb_row][\/et_pb_section][et_pb_section fb_built=\u00bb1&#8243; _builder_version=\u00bb4.17.6&#8243; _module_preset=\u00bbdefault\u00bb global_colors_info=\u00bb{}\u00bb][et_pb_row column_structure=\u00bb1_3,2_3&#8243; _builder_version=\u00bb4.17.6&#8243; _module_preset=\u00bbdefault\u00bb custom_margin=\u00bb-31px|auto||auto||\u00bb global_colors_info=\u00bb{}\u00bb][et_pb_column type=\u00bb1_3&#8243; _builder_version=\u00bb4.17.6&#8243; _module_preset=\u00bbdefault\u00bb global_colors_info=\u00bb{}\u00bb][et_pb_image src=\u00bbhttps:\/\/kobemotor.es\/motorsport\/wp-content\/uploads\/sites\/2\/2023\/01\/1er-Premio-Palmares.jpg\u00bb alt=\u00bb1er Premio Palmar\u00e9s\u00bb title_text=\u00bb1er Premio Palmar\u00e9s\u00bb align=\u00bbcenter\u00bb _builder_version=\u00bb4.19.4&#8243; _module_preset=\u00bbdefault\u00bb width=\u00bb56%\u00bb global_colors_info=\u00bb{}\u00bb][\/et_pb_image][\/et_pb_column][et_pb_column type=\u00bb2_3&#8243; _builder_version=\u00bb4.17.6&#8243; _module_preset=\u00bbdefault\u00bb global_colors_info=\u00bb{}\u00bb][et_pb_text _builder_version=\u00bb4.20.4&#8243; _module_preset=\u00bbdefault\u00bb global_colors_info=\u00bb{}\u00bb]<\/p>\n<h3>1 <strong>Alberto Dorsch<\/strong><\/h3>\n<h3>2 Emilio Eiroa<\/h3>\n<h3>3 Sergio Lacuesta<\/h3>\n<p>[\/et_pb_text][\/et_pb_column][\/et_pb_row][\/et_pb_section]<\/p>\n","protected":false},"excerpt":{"rendered":"<p>Palmar\u00e9s Victorias T22024 TRAS BAJA ARAG\u00d3N (en curso)1 Alberto Dorsch 2 Fernando Barreiro 3 Santiago Sabates20231 Alberto Dorsch 2 Lluis Jos\u00e9 Rodr\u00edguez 3 David Moya20211 Alberto Dorsch 2 Fernando Grillo Barreiros 3 M\u00f3nica Plaza20201 Alberto Dorsch 2 Lluis Jos\u00e9 Rodr\u00edguez 3 Fernando Barreira20191 Alberto Dorsch 2 Domingo Rom\u00e1n 3 Jorge Pulido20161 Alberto Dorsch 2 Josep [&hellip;]<\/p>\n","protected":false},"author":13,"featured_media":0,"parent":397,"menu_order":0,"comment_status":"closed","ping_status":"closed","template":"","meta":{"_et_pb_use_builder":"on","_et_pb_old_content":"","_et_gb_content_width":"","footnotes":""},"class_list":["post-589","page","type-page","status-publish","hentry"],"yoast_head":"<!-- This site is optimized with the Yoast SEO plugin v27.5 - https:\/\/yoast.com\/product\/yoast-seo-wordpress\/ -->\n<title>Palmares T2 - Motorsport<\/title>\n<meta name=\"robots\" content=\"index, follow, max-snippet:-1, max-image-preview:large, max-video-preview:-1\" \/>\n<link rel=\"canonical\" href=\"https:\/\/kobemotor.es\/motorsport\/t2\/palmares-t2\/\" \/>\n<meta property=\"og:locale\" content=\"es_ES\" \/>\n<meta property=\"og:type\" content=\"article\" \/>\n<meta property=\"og:title\" content=\"Palmares T2 - Motorsport\" \/>\n<meta property=\"og:description\" content=\"Palmar\u00e9s Victorias T22024 TRAS BAJA ARAG\u00d3N (en curso)1 Alberto Dorsch 2 Fernando Barreiro 3 Santiago Sabates20231 Alberto Dorsch 2 Lluis Jos\u00e9 Rodr\u00edguez 3 David Moya20211 Alberto Dorsch 2 Fernando Grillo Barreiros 3 M\u00f3nica Plaza20201 Alberto Dorsch 2 Lluis Jos\u00e9 Rodr\u00edguez 3 Fernando Barreira20191 Alberto Dorsch 2 Domingo Rom\u00e1n 3 Jorge Pulido20161 Alberto Dorsch 2 Josep [&hellip;]\" \/>\n<meta property=\"og:url\" content=\"https:\/\/kobemotor.es\/motorsport\/t2\/palmares-t2\/\" \/>\n<meta property=\"og:site_name\" content=\"Motorsport\" \/>\n<meta name=\"twitter:card\" content=\"summary_large_image\" \/>\n<script type=\"application\/ld+json\" class=\"yoast-schema-graph\">{\"@context\":\"https:\\\/\\\/schema.org\",\"@graph\":[{\"@type\":\"WebPage\",\"@id\":\"https:\\\/\\\/kobemotor.es\\\/motorsport\\\/t2\\\/palmares-t2\\\/\",\"url\":\"https:\\\/\\\/kobemotor.es\\\/motorsport\\\/t2\\\/palmares-t2\\\/\",\"name\":\"Palmares T2 - Motorsport\",\"isPartOf\":{\"@id\":\"https:\\\/\\\/kobemotor.es\\\/motorsport\\\/#website\"},\"datePublished\":\"2022-08-31T08:34:25+00:00\",\"breadcrumb\":{\"@id\":\"https:\\\/\\\/kobemotor.es\\\/motorsport\\\/t2\\\/palmares-t2\\\/#breadcrumb\"},\"inLanguage\":\"es\",\"potentialAction\":[{\"@type\":\"ReadAction\",\"target\":[\"https:\\\/\\\/kobemotor.es\\\/motorsport\\\/t2\\\/palmares-t2\\\/\"]}]},{\"@type\":\"BreadcrumbList\",\"@id\":\"https:\\\/\\\/kobemotor.es\\\/motorsport\\\/t2\\\/palmares-t2\\\/#breadcrumb\",\"itemListElement\":[{\"@type\":\"ListItem\",\"position\":1,\"name\":\"Portada\",\"item\":\"https:\\\/\\\/kobemotor.es\\\/motorsport\\\/\"},{\"@type\":\"ListItem\",\"position\":2,\"name\":\"T2\",\"item\":\"https:\\\/\\\/kobemotor.es\\\/motorsport\\\/t2\\\/\"},{\"@type\":\"ListItem\",\"position\":3,\"name\":\"Palmares T2\"}]},{\"@type\":\"WebSite\",\"@id\":\"https:\\\/\\\/kobemotor.es\\\/motorsport\\\/#website\",\"url\":\"https:\\\/\\\/kobemotor.es\\\/motorsport\\\/\",\"name\":\"Motorsport\",\"description\":\"Kobe Motorsport\",\"potentialAction\":[{\"@type\":\"SearchAction\",\"target\":{\"@type\":\"EntryPoint\",\"urlTemplate\":\"https:\\\/\\\/kobemotor.es\\\/motorsport\\\/?s={search_term_string}\"},\"query-input\":{\"@type\":\"PropertyValueSpecification\",\"valueRequired\":true,\"valueName\":\"search_term_string\"}}],\"inLanguage\":\"es\"}]}<\/script>\n<!-- \/ Yoast SEO plugin. -->","yoast_head_json":{"title":"Palmares T2 - Motorsport","robots":{"index":"index","follow":"follow","max-snippet":"max-snippet:-1","max-image-preview":"max-image-preview:large","max-video-preview":"max-video-preview:-1"},"canonical":"https:\/\/kobemotor.es\/motorsport\/t2\/palmares-t2\/","og_locale":"es_ES","og_type":"article","og_title":"Palmares T2 - Motorsport","og_description":"Palmar\u00e9s Victorias T22024 TRAS BAJA ARAG\u00d3N (en curso)1 Alberto Dorsch 2 Fernando Barreiro 3 Santiago Sabates20231 Alberto Dorsch 2 Lluis Jos\u00e9 Rodr\u00edguez 3 David Moya20211 Alberto Dorsch 2 Fernando Grillo Barreiros 3 M\u00f3nica Plaza20201 Alberto Dorsch 2 Lluis Jos\u00e9 Rodr\u00edguez 3 Fernando Barreira20191 Alberto Dorsch 2 Domingo Rom\u00e1n 3 Jorge Pulido20161 Alberto Dorsch 2 Josep [&hellip;]","og_url":"https:\/\/kobemotor.es\/motorsport\/t2\/palmares-t2\/","og_site_name":"Motorsport","twitter_card":"summary_large_image","schema":{"@context":"https:\/\/schema.org","@graph":[{"@type":"WebPage","@id":"https:\/\/kobemotor.es\/motorsport\/t2\/palmares-t2\/","url":"https:\/\/kobemotor.es\/motorsport\/t2\/palmares-t2\/","name":"Palmares T2 - Motorsport","isPartOf":{"@id":"https:\/\/kobemotor.es\/motorsport\/#website"},"datePublished":"2022-08-31T08:34:25+00:00","breadcrumb":{"@id":"https:\/\/kobemotor.es\/motorsport\/t2\/palmares-t2\/#breadcrumb"},"inLanguage":"es","potentialAction":[{"@type":"ReadAction","target":["https:\/\/kobemotor.es\/motorsport\/t2\/palmares-t2\/"]}]},{"@type":"BreadcrumbList","@id":"https:\/\/kobemotor.es\/motorsport\/t2\/palmares-t2\/#breadcrumb","itemListElement":[{"@type":"ListItem","position":1,"name":"Portada","item":"https:\/\/kobemotor.es\/motorsport\/"},{"@type":"ListItem","position":2,"name":"T2","item":"https:\/\/kobemotor.es\/motorsport\/t2\/"},{"@type":"ListItem","position":3,"name":"Palmares T2"}]},{"@type":"WebSite","@id":"https:\/\/kobemotor.es\/motorsport\/#website","url":"https:\/\/kobemotor.es\/motorsport\/","name":"Motorsport","description":"Kobe Motorsport","potentialAction":[{"@type":"SearchAction","target":{"@type":"EntryPoint","urlTemplate":"https:\/\/kobemotor.es\/motorsport\/?s={search_term_string}"},"query-input":{"@type":"PropertyValueSpecification","valueRequired":true,"valueName":"search_term_string"}}],"inLanguage":"es"}]}},"_links":{"self":[{"href":"https:\/\/kobemotor.es\/motorsport\/wp-json\/wp\/v2\/pages\/589","targetHints":{"allow":["GET"]}}],"collection":[{"href":"https:\/\/kobemotor.es\/motorsport\/wp-json\/wp\/v2\/pages"}],"about":[{"href":"https:\/\/kobemotor.es\/motorsport\/wp-json\/wp\/v2\/types\/page"}],"author":[{"embeddable":true,"href":"https:\/\/kobemotor.es\/motorsport\/wp-json\/wp\/v2\/users\/13"}],"replies":[{"embeddable":true,"href":"https:\/\/kobemotor.es\/motorsport\/wp-json\/wp\/v2\/comments?post=589"}],"version-history":[{"count":0,"href":"https:\/\/kobemotor.es\/motorsport\/wp-json\/wp\/v2\/pages\/589\/revisions"}],"up":[{"embeddable":true,"href":"https:\/\/kobemotor.es\/motorsport\/wp-json\/wp\/v2\/pages\/397"}],"wp:attachment":[{"href":"https:\/\/kobemotor.es\/motorsport\/wp-json\/wp\/v2\/media?parent=589"}],"curies":[{"name":"wp","href":"https:\/\/api.w.org\/{rel}","templated":true}]}}